{"id":2978,"date":"2013-11-11T15:47:57","date_gmt":"2013-11-11T20:47:57","guid":{"rendered":"http:\/\/reddeportiva.net\/principal\/?page_id=2978"},"modified":"2019-05-02T08:17:50","modified_gmt":"2019-05-02T13:17:50","slug":"campana-por-mayor-respeto-hacia-los-otros","status":"publish","type":"page","link":"https:\/\/reddeportiva.net\/principal\/?page_id=2978","title":{"rendered":"Por mayor respeto hacia los otros"},"content":{"rendered":"<p>Hemos considerado conveniente presentar en un solo lugar todas las notas o art\u00edculos que hemos publicado sobre el tema.<br \/>\nA continuaci\u00f3n los encontrar\u00e1n precedidos de la fecha de publicaci\u00f3n original.<br \/>\nEsperamos que esta campa\u00f1a ayude a abordar mejor el tema y consiga apoyar a quienes quieren obtener resultados.<\/p>\n<p>10\/01\/2019<\/p>\n<p>Trujillo: liberan a conductor que arroll\u00f3 a ni\u00f1o ciclista de 12 a\u00f1os | VIDEO<br \/>\nExpresando nuestras m\u00e1s sentidas condolencias a nuestro querido amigo Luis Ram\u00edrez D&#8217;Angelo, les alcanzamos noticia por hechos que lamentamos profundamente.<br \/>\nHacemos votos para que nuestra sociedad se auto-imponga mejores pr\u00e1cticas de mayor respeto por el pr\u00f3jimo.&nbsp;&nbsp;<\/p>\n<p><a href=\"https:\/\/elcomercio.pe\/peru\/la-libertad\/trujillo-liberan-conductor-arrollo-nino-ciclista-12-anos-video-noticia-595935\">https:\/\/elcomercio.pe\/peru\/la-libertad\/trujillo-liberan-conductor-arrollo-nino-ciclista-12-anos-video-noticia-595935<\/a><\/p>\n<p>14\/10\/2013<br \/>\nAccidentes en carretera<br \/>\nEsta noticia nunca pens\u00e9 que fuera posible. Ya hab\u00edamos llegado a un nivel de accidentes que parec\u00eda incre\u00edble pudiera darse. Con este incremento pasamos de la verg\u00fcenza a la complicidad.<br \/>\nPropongo que todos asumamos, como un asunto de conciencia, una campa\u00f1a personal que tenga como fin el fortalecer un mayor respeto por la vida humana; desde su gestaci\u00f3n y sin discriminaciones.<br \/>\nhttp:\/\/elcomercio.pe\/actualidad\/1644565\/noticia-muertes-accidentes-carreteras-aumentaron-365-comparacion-al-2012<\/p>\n<p>18\/10\/2013<br \/>\nAccidentes de carretera<br \/>\nEl 14 de octubre publicamos una nota sobre el nivel catastr\u00f3fico que hab\u00edan alcanzado los accidentes mortales en el Per\u00fa. En esa oportunidad propusimos nos autoimpongamos un esfuerzo personal por el respeto hacia los dem\u00e1s.<br \/>\nNosotros hemos tomado la iniciativa de publicar notas peri\u00f3dicas que mantengan vigente esta campa\u00f1a. La decisi\u00f3n no ha sido f\u00e1cil por eso de sentirse empoderado a tirar la primera piedra. La campa\u00f1a la continuaremos s\u00f3lo por el inter\u00e9s de bajar el n\u00famero de accidentes, sin sentirnos due\u00f1os de la verdad ni ejemplo de buen comportamiento alguno. La intenci\u00f3n se limitar\u00e1 a hacernos meditar sobre el asunto y mantener su vigencia y alta prioridad.<br \/>\nA continuaci\u00f3n un v\u00eddeo que puede servir para inspirar parte de los planes que se prioricen para los Juegos Panamericanos de Lima 2019.<br \/>\n<iframe loading=\"lazy\" title=\"How the Dutch got their cycle paths\" width=\"625\" height=\"352\" src=\"https:\/\/www.youtube.com\/embed\/XuBdf9jYj7o?feature=oembed\" frameborder=\"0\" allow=\"accelerometer; autoplay; clipboard-write; encrypted-media; gyroscope; picture-in-picture; web-share\" referrerpolicy=\"strict-origin-when-cross-origin\" allowfullscreen><\/iframe><\/p>\n<p>22\/10\/2013<br \/>\nSiguiendo nuestra campa\u00f1a en apoyo del respeto a los dem\u00e1s, como una forma de hacer mejor a la sociedad en que vivimos, consideramos oportuno repetir la publicaci\u00f3n de un muy conocido v\u00eddeo por considerarlo un valioso testimonio a ser tenido en cuenta por todos nosotros.<br \/>\n<iframe loading=\"lazy\" title=\"Rugby ,juego del respeto\" width=\"625\" height=\"352\" src=\"https:\/\/www.youtube.com\/embed\/zAiaOJjcO14?feature=oembed\" frameborder=\"0\" allow=\"accelerometer; autoplay; clipboard-write; encrypted-media; gyroscope; picture-in-picture; web-share\" referrerpolicy=\"strict-origin-when-cross-origin\" allowfullscreen><\/iframe><\/p>\n<p>05\/11\/2013<br \/>\nCampa\u00f1a por el respeto hacia los otros que deber\u00e1 conducirnos a una sociedad m\u00e1s segura.<br \/>\nNo queremos dejar de lado esta campa\u00f1a por carreteras sin accidentes, por dif\u00edcil que sea abordar los argumentos del caso en forma adecuada. Queremos evitar incurrir en autoritarismo, incoherencias e intolerancias al hacer nuestras recomendaciones. Pondremos en ello todo nuestro empe\u00f1o.<br \/>\nCreemos que un buen punto de inicio, para expresar respeto por los otros, es el de hacer un esfuerzo por evitar el doble discurso.<br \/>\nEsta pr\u00e1ctica del doble discurso est\u00e1 muy generalizada en todos los niveles, estamentos, grupos y dem\u00e1s conjuntos de nuestra sociedad. Creemos que se debe poner m\u00e1s cuidado en el uso del lenguaje ya que, por lo general, nos gana la defensa de nuestros intereses personales frente a una posici\u00f3n principista que normalmente aparentamos defender.<br \/>\nA la larga todos nos llegamos a conocer, pero a un costo muy grande. Por esta raz\u00f3n, pedimos, a quienes est\u00e1n cerca de los hechos, darlos a conocer con la mayor objetividad posible ya que en esta forma generalizaremos el sentimiento de mutua confianza que nuestra sociedad est\u00e1 reclamando.<\/p>\n<p>08\/11\/2013<br \/>\nSiguiendo la campa\u00f1a por difundir el respeto hacia los otros, es v\u00e1lido preguntarnos c\u00f3mo es que hemos llegado a los altos niveles de inseguridad que imperan actualmente en nuestra sociedad.<br \/>\nDif\u00edcil es ponerse de acuerdo entre todas las personas sobre el nivel de respeto de cada acto o expresi\u00f3n con el fin de conseguir resultados uniformes.<br \/>\nPor eso, preferimos abordar el tema desde el punto de vista del c\u00f3mo se falta el respeto; es decir, sobre los mecanismos que nos han llevado a la actual incierta situaci\u00f3n, ya que muchas veces no estamos muy conscientes de lo que est\u00e1 sucediendo o de c\u00f3mo lo estamos haciendo. Trataremos de teorizar sobre los posibles horizontes de conducta, con cargo a desarrollarlos posteriormente.<br \/>\nHorizonte de violencia<br \/>\nUn primer eje de falta de respeto est\u00e1 en la agresividad empleada por la cual, a mayor violencia, mayor falta.<br \/>\nHorizonte de diligencia<br \/>\nOtro eje lo encontramos en la falta a los deberes y obligaciones, como es el caso de las fotopapeletas que ha impuesto la Municipalidad de Lima en las que se ha dise\u00f1ado un sistema no balanceado desde el punto de vista del debido proceso, confundiendo objetivos o razones de ser, y sin esforzarse por abordar el tema en los t\u00e9rminos m\u00e1s apropiados; o, los titulares de los peri\u00f3dicos tan contradictorios de peri\u00f3dico a peri\u00f3dico, con el texto menudo que los acompa\u00f1a y hasta consigo mismos. En estos casos, a mayor nivel de autoridad, mayor ser\u00e1 la falta.<br \/>\nHorizonte de institucionalidad<br \/>\nUn tercer eje puede darse en la defensa de los intereses propios o particulares. Creemos que es leg\u00edtimo defender los intereses personales; pero con frecuencia vemos que se tergiversan las cosas en tal grado que, en nuestra sociedad, se ha casi perdido toda confianza en las instituciones. En este \u00faltimo eje, la predictibilidad es el factor cr\u00edtico. Si cualquier cosa puede pasar, la falta de respeto ser\u00e1 mayor.<\/p>\n<p>11\/11\/2013<br \/>\nCampa\u00f1a por mayor respeto hacia los otros.<br \/>\nA continuaci\u00f3n desarrollaremos el primer horizonte de conducta que se encuentra m\u00e1s relacionado con las acciones personales.<br \/>\nHablaremos sobre el eje relativo a la violencia. Todos tenemos un conocimiento propio del significado de este concepto. Nosotros quisi\u00e9ramos analizarlo desde una perspectiva lo m\u00e1s amplia posible. En ese sentido, asumiremos un enfoque pr\u00e1ctico con la intenci\u00f3n de alejarnos de consideraciones ideol\u00f3gicas de las cuales solo se puede esperar obst\u00e1culos.<br \/>\nProponemos conceptualizar el eje de violencia como uno en el que en un extremo tenemos conductas de colaboraci\u00f3n y al otro extremo las de confrontaci\u00f3n.<br \/>\nNuestra hip\u00f3tesis nos induce a pensar que nuestra sociedad debe impulsar conscientemente las acciones de colaboraci\u00f3n si queremos aumentar los niveles de respeto y por lo tanto alejar los niveles de inseguridad.<br \/>\nCreemos necesario prevenirlos que no existe un adecuado equilibrio de fuerzas en este eje de Colaboraci\u00f3n-Confrontaci\u00f3n. Grosso modo, construir absorbe 10 veces m\u00e1s recursos que destruir. Construir puede tomar a\u00f1os de constante e ininterrumpido esfuerzo, en cambio para destruir puede bastar un instante. Cuando hay conflictos, todos salimos perdiendo. La violencia genera m\u00e1s violencia; no existiendo una expresi\u00f3n equivalente para el concepto opuesto de la colaboraci\u00f3n. Creemos que s\u00ed existe esta \u00faltima correlaci\u00f3n, aunque se cumple con efecto muy retardado.<br \/>\nIntencionalmente hemos evitado mencionar enfoques tradicionales de la violencia, no porque desconozcamos su validez, sino porque queremos reenfocar los m\u00e9todos que debemos emplear para conseguir el compromiso de un mayor n\u00famero de personas con las \u00f3pticas positivas, en el menor plazo.<br \/>\nSi tratamos de resumir en pocas palabras las pr\u00e1cticas que queremos impulsar, dir\u00edamos que debemos incentivar conceptos que ayuden a visualizar el vaso medio lleno en lugar de medio vac\u00edo. Que debemos ubicarnos del lado de las soluciones y no del lado de los problemas. No debemos olvidar las lecciones del pasado cuando la inflaci\u00f3n met\u00eda la mano a nuestros bolsillos y nos robaba diariamente un porcentaje del valor de hasta la \u00faltima moneda en nuestro poder. Como tampoco el enorme ajuste de cintur\u00f3n que signific\u00f3 el shock econ\u00f3mico del cual salimos templados como para ejecutar las obras que hemos emprendido en los a\u00f1os siguientes y enfrentar los retos tal como lo estamos haciendo en tiempos recientes, de los cuales hemos extra\u00eddo valiosas lecciones.<br \/>\nPara hablar de colaboraci\u00f3n es importante que existan cuerpos de reglas las cuales deben ser cumplidas con el fin de conseguir los fines comunes que nos estamos proponiendo.<br \/>\nDe lo dicho, deducimos que es necesario generalizar este mecanismo para que las fortalezas y experiencias de las que acabamos de hablar puedan capitalizarse. Nuestra propuesta incide en que las reglas, como mecanismo formativo de bien, deben ser conjuntos claros y bien balanceados los cuales, de cumplirse, har\u00edan m\u00e1s llevadera la vida comunitaria.<br \/>\nEn ese sentido, la pr\u00e1ctica del deporte se convierte en una herramienta de gran ventaja por la cual es posible preparar a nuestros ciudadanos para alcanzar altos est\u00e1ndares de rendimiento y productividad, gracias a los niveles de disciplina y compromiso que exigen; siempre y cuando se busque un correcto cumplimiento de las reglas, lo cual no ser\u00e1 f\u00e1cil conseguir porque nuestros deportistas son conocidos internacionalmente por una enorme ignorancia de las reglas de los deportes que practican.<\/p>\n<p>15\/11\/2013<br \/>\nCampa\u00f1a por mayor respeto hacia los otros.<br \/>\nEn la presente nota analizamos el nivel relativo a la diligencia que ponemos en nuestras acciones lo cual nos lleva a evaluar los comportamientos de las personas en grupo, a diferencia del nivel anterior en que los comentarios incid\u00edan en la responsabilidad como individuos.<br \/>\nEs importante se\u00f1alar que una sociedad moderna, como la que aspiramos a conseguir, supone que todos los grupos sociales buscan mejorar las condiciones de vida de la poblaci\u00f3n en general. Esto significa la superaci\u00f3n de etapas iniciales de toda sociedad en las que imperan clanes, tribus y otras c\u00e9lulas sociales que pretenden imponer sus objetivos particulares sin tener mayor consideraci\u00f3n por los dem\u00e1s ni respeto por regla alguna.<br \/>\nPara conceptualizar los principios de funcionamiento de este eje, proponemos evaluarlo desde el punto de vista Tolerancia-Incondicionalidad. Nuestra hip\u00f3tesis nos induce a pensar que nuestra sociedad debe impulsar conscientemente las acciones de tolerancia si queremos aumentar los niveles de respeto y por lo tanto alejar los niveles de inseguridad.<br \/>\nEn este eje tampoco existe un adecuado equilibrio de fuerzas entre Tolerancia vs Incondicionalidad.<br \/>\nOpinamos que quienes practican la tolerancia est\u00e1n en desventaja para convencer a los dem\u00e1s, sobre las bondades de sus propuestas y llevarlos a la acci\u00f3n, frente a quienes priorizan la incondicionalidad porque los primeros abordan los temas con realismo y a base de mucha buena fe; al contrario de los segundos que normalmente evolucionan hacia grupos muy alineados, con miembros formados al rigor de sistem\u00e1ticas decisiones espec\u00edficamente organizadas para condicionar progresivamente sus escr\u00fapulos, torci\u00e9ndolos para que ayuden al grupo a mantener su vigencia sin importar los costos morales.<br \/>\nEstas consideraciones pueden parecer irreales o simplistas, pero basta observar a la sociedad con alg\u00fan detenimiento para que la experiencia nos confirme que estas conductas existen y pueden llegar a niveles insospechados de manipulaci\u00f3n, incluso de la opini\u00f3n p\u00fablica. M\u00e1s a\u00fan, si las palabras son utilizadas con poca precisi\u00f3n; o peor, cuando vemos que personas, con alguna autoridad, se comportan sibilinamente deslizando cargos imprecisos o no probados contra personas con segundas intenciones.<br \/>\nLos grupos con caracter\u00edsticas clientelares inician a sus adeptos induci\u00e9ndolos a cumplir escalonadamente ciertas pruebas que condicionan su conciencia y al ritmo en que pulen sus habilidades para confundir a los terceros. Cuando aquellos no superan estas pruebas son segregados en forma tal que ni siquiera se dan cuenta que la dirigencia dominante ya no conf\u00eda en ellos. Incluso los aburren, cuando consideran que son un estorbo, con la finalidad de que abandonen la organizaci\u00f3n.<br \/>\nEs esta la realidad que enfrenta la gran mayor\u00eda de nuestros ciudadanos que se identifican con la defensa de los intereses generales de la sociedad, lo que normalmente realizan desde niveles poco organizados y faltos de conciencia de las fuerzas a combatir, las cuales utilizan las ventajas que estamos denunciando en los p\u00e1rrafos anteriores, para configurar el mundo de apariencias en el que actualmente vivimos.<br \/>\nPor lo expuesto, opinamos que es necesario impulsar esquemas de tolerancia soportados por un esfuerzo que robustezca tanto organizaciones como procedimientos simplificados.<br \/>\nLa tolerancia exige la aceptaci\u00f3n de un conjunto de Principios y Valores adem\u00e1s de transparencia, donde las decisiones se toman sin dejar dudas de su idoneidad y nada debe ser considerado inexplicable, ni imposible de entender.<br \/>\nCoherentemente, debemos ver como muy normal que todos publiciten las razones o justificaciones en que cada una de sus decisiones se sustenta. Por lo tanto, \u00e9stas deber\u00e1n destacar por su solvencia, la que se alcanzar\u00e1 si se pone el empe\u00f1o para lograrlo; vale decir, ganas y coraje.<br \/>\nEn un pa\u00eds como el nuestro, en el que legisladores europeos se sorprenden porque las leyes se dictan sabiendo que no se pueden cumplir; donde existen graves problemas de informalidad; proporciones muy grandes de lavado de dinero; producci\u00f3n de drogas en gran escala; instituciones fundamentales totalmente desacreditadas; entre otros males, nos hace pensar que tenemos por delante una formidable tarea.<br \/>\nEn todo este asunto, y para que los hechos hablen, es imperativo movilizar a la sociedad para lo que sugerimos poner en funcionamiento un verdadero Sistema Deportivo Nacional, en especial por lo que significa en materia de organizaci\u00f3n de clubes de base los cuales deben ser priorizados, por las ventajas que tiene para consolidar Principios y Valores con pocos recursos. Dif\u00edcil es encontrar un mejor punto de partida.<\/p>\n<p>19\/11\/2013<br \/>\nCampa\u00f1a por mayor respeto hacia los otros.<br \/>\nHemos llegado al tercer nivel correspondiente a las instituciones, es decir el de las organizaciones, en especial cuando se trata de desenvolverse dentro del marco de una sociedad que debe conciliar intereses y prioridades en el uso de los recursos econ\u00f3micos.<br \/>\nAl analizar este eje estamos entrando en el mundo de la complejidad en el que es muy f\u00e1cil manipular apariencias y forzar argumentos manteni\u00e9ndolos al filo de la legalidad, dificultando los procesos orientados a controlar los abusos. Tal parece ser nuestra situaci\u00f3n; siendo un claro indicio de esto, la carencia de planes y objetivos con alg\u00fan nivel de aceptaci\u00f3n general, gener\u00e1ndose un ambiente en el que aparentemente se vota por el mal menor.<br \/>\nPara conceptualizar los principios de funcionamiento de este eje proponemos evaluarlo desde el punto de vista \u00c9tica-Desentendimiento. Nuestra hip\u00f3tesis nos induce a pensar que nuestra sociedad debe impulsar conscientemente la generalizaci\u00f3n de C\u00f3digos de \u00c9tica, en toda organizaci\u00f3n que tenga trascendencia social, si queremos aumentar los niveles de respeto y por lo tanto alejar los niveles de inseguridad.<br \/>\nLos C\u00f3digos de \u00c9tica que estamos proponiendo ser\u00e1n conjuntos de reglas de buen comportamiento o buenas pr\u00e1cticas que pongan l\u00edmites a las conductas al interior de los gremios u otras organizaciones, donde las leyes no podr\u00edan actuar bajo el peligro de caer en dictaduras, autoritarismos o arbitrariedades.<br \/>\nLos C\u00f3digos de \u00c9tica invitan a la participaci\u00f3n y el compromiso de quienes van a someterse a ellos valorando el deber ser; al contrario del individualismo, muchas veces inducido, que rechaza este tipo de proyectos, sea por convicciones personales o ideol\u00f3gicas, lo que los ubica en el lado de la primac\u00eda de lo particular quedando a merced de los poderosos. Esta dependencia ser\u00e1 mayor, cuanto menor sean los escr\u00fapulos que se tengan.<br \/>\nNuevamente se presenta el mismo fen\u00f3meno de desbalance de fuerzas, no existiendo un adecuado equilibrio entre la \u00c9tica vs el Desentendimiento.<br \/>\nEn el mundo real existe una tendencia hacia el caos. Las organizaciones tienden a desordenarse de no hacerse un esfuerzo por mantener la coherencia de la gesti\u00f3n; y peor a\u00fan, cuando existen grupos, interesados en proteger sin l\u00edmites sus propios y particulares intereses, que con gran frecuencia no meditan ni reparan en los m\u00e9todos empleados para defenderlos.<br \/>\nNo es necesario extenderse en la enorme desigualdad que existe en nuestra sociedad para aceptar que el terreno de juego est\u00e1 inclinado a favor de aquellos que han llegado a organizarse. F\u00e1cil es identificar qui\u00e9nes cuentan con las organizaciones sociales que funcionan y qui\u00e9nes encuentran mayores dificultades para operar en iguales condiciones. La experiencia ense\u00f1a que la falta de transparencia es una importante se\u00f1al que acompa\u00f1a a aquellas con mal funcionamiento.<br \/>\nPara muestra basta un bot\u00f3n: la ca\u00edda de importantes equipos del f\u00fatbol peruano, en los fueros del INDECOPI, por mala gesti\u00f3n de algunas dirigencias que pudieron mantenerse debido al apoyo que recibieron de grandes patrocinios que prefirieron no hacerse cuestionamiento alguno sobre lo que estaban haciendo, por decir lo m\u00e1s suave de lo que podemos pensar. Otro ejemplo similar se produce cuando se enaltecen valores de viveza como sin\u00f3nimo de la palabra \u201cbarrio\u201d, cuando en nuestra sociedad lo que hace falta es enaltecer la lealtad.<br \/>\nEn el mundo de apariencias en el que vivimos, no podemos guiarnos por las palabras, las cuales son muy f\u00e1ciles de emplear y dif\u00edciles de probar. M\u00e1s poderosas son las relaciones de apoyo econ\u00f3mico directo o indirecto que se producen tanto en el sector p\u00fablico como en el privado, sean legales o no.<br \/>\nNo se puede dejar de cuestionar los ideales impl\u00edcitos, entre quienes detentan poder, que poco han hecho por favorecer los comportamientos de cumplimiento del deber; y, donde es muy com\u00fan impulsar, en los hechos, el apoyo incondicional a los amigos y la mal entendida solidaridad entre colegas.<br \/>\nTampoco podemos dejar de reconocer la existencia de acciones de intervenci\u00f3n que determinados grupos ejercen sobre otros m\u00e1s d\u00e9biles o vulnerables, llegando hasta el sabotaje y la tergiversaci\u00f3n del desarrollo de estos \u00faltimos con fines de mantener privilegios. Estas pr\u00e1cticas se escudan en la casi imposibilidad de demostrar estos delitos o llegar a la verdad de los hechos, con lo que demuestran poco aprecio por la opini\u00f3n p\u00fablica la cual carece de herramientas para salir de su desorientaci\u00f3n.<br \/>\nNuestra sociedad est\u00e1 llena de comportamientos paralelos que no impulsan lo correcto; o, dificultan el trabajo de quienes quieren asumir las responsabilidades que les corresponde.<br \/>\nSe trata, por lo tanto, de moderar y controlar ciertas pr\u00e1cticas distorsionantes mediante la aprobaci\u00f3n de reglas redactadas con altos est\u00e1ndares de inteligencia y comprensi\u00f3n del comportamiento humano y de las organizaciones que soportan sus empe\u00f1os.<br \/>\nEstas acciones llevan a consensuar lo que es valioso y v\u00e1lido para quienes se entienden identificados con sus organizaciones, aceptando la vigencia, e imperio entre los miembros afiliados, de estos C\u00f3digos de \u00c9tica comprometi\u00e9ndose a cumplirlos; y, limitando sus acciones m\u00e1s all\u00e1 de lo que podr\u00eda hacerlo la Ley.<br \/>\nSe trata de ponerse de acuerdo sobre comportamientos apropiados, as\u00ed como aprobar pr\u00e1cticas sanas de competencia y de respeto por los fundamentos constitucionales y de convivencia social.<br \/>\nPero lo m\u00e1s importante, y quiz\u00e1s lo m\u00e1s desde\u00f1ado hasta el momento, es la validez del control que los miembros de las organizaciones pueden y deben ejercer sobre la conducta de sus propios colegas ya que nadie los conoce mejor que aquellos que ejercen el mismo oficio, profesi\u00f3n o giro de negocio; siendo este principio tambi\u00e9n v\u00e1lido para los gremios empresariales, y todo tipo de asociaci\u00f3n, en especial de aquellas que congregan o representan a gran n\u00famero de personas.<br \/>\nEl auto control resulta ser una pr\u00e1ctica econ\u00f3mica que deber\u00eda merecer mayor apoyo, incluso legal, ya que m\u00e1s vale prevenir, as\u00ed como crear mecanismos capaces de actuar en forma previa a los de la conciliaci\u00f3n.<br \/>\nDesgraciadamente nuestro pa\u00eds se encuentra entre aquellos que tienen los m\u00e1s altos niveles de informalidad. Esta situaci\u00f3n no es por casualidad. Es el resultado de una serie de decisiones entre las que prevalecieron pr\u00e1cticas formalistas, capciosas, abusivas y poco solidarias.<br \/>\nHa llegado el momento de revisar el pasado para corregir errores. Nuestro pa\u00eds ha tenido una tasa de cambio social impresionante. Est\u00e1 dejando atr\u00e1s su car\u00e1cter de adolescente. Por lo tanto, creemos que ha llegado el momento de definir los m\u00e1s altos niveles de entendimiento e institucionalidad con el fin de incentivar las acciones para alcanzarlos. La generalizaci\u00f3n de los C\u00f3digos de \u00c9tica ayudar\u00e1 mucho para conseguirlos.<\/p>\n<p>04\/12\/2013<br \/>\nContinuando la campa\u00f1a de impulsar el respeto por los otros:<br \/>\n<iframe loading=\"lazy\" title=\"The HITZ Rugby Story\" width=\"625\" height=\"352\" src=\"https:\/\/www.youtube.com\/embed\/1Vs-Orb4u9g?feature=oembed\" frameborder=\"0\" allow=\"accelerometer; autoplay; clipboard-write; encrypted-media; gyroscope; picture-in-picture; web-share\" referrerpolicy=\"strict-origin-when-cross-origin\" allowfullscreen><\/iframe><\/p>\n<p>22\/03\/2014<br \/>\nCampa\u00f1a por mayor respeto hacia los otros.<\/p>\n<div id=\"id_533175b85a1c06b22833932\">\u00bfQui\u00e9n es m\u00e1s responsable? :&nbsp; El conductor que pierde el control de un veh\u00edculo sobrecargado en relaci\u00f3n a su dise\u00f1o, el que orden\u00f3 que modificaran el veh\u00edculo para disminuir el monto de su inversi\u00f3n o quienes t\u00e9cnicamente revisaron mal el veh\u00edculo faltando a la confianza que las autoridades depositaron en ellos.<\/div>\n<p><a href=\"http:\/\/www.rpp.com.pe\/2014-03-21-preven-hasta-14-anos-de-carcel-a-chofer-por-accidente-en-ventanilla-noticia_678659.html\" target=\"_blank\" rel=\"nofollow noopener noreferrer\">http:\/\/www.rpp.com.pe\/2014-03-21-preven-hasta-14-anos-de-carcel-a-chofer-por-accidente-en-ventanilla-noticia_678659.html<\/a><\/p>\n<p>16\/04\/2014<\/p>\n<p>El tema de los accidentes de tr\u00e1nsito se ha convertido en uno de actualidad que induce a pensar en una posible mejora de la situaci\u00f3n.&nbsp; Despu\u00e9s de todo lo que hemos escuchado en estos d\u00edas, tanto de autoridades como de particulares, quisi\u00e9ramos fundamentar tres (3) recomendaciones.<\/p>\n<p><span style=\"text-decoration: underline;\">Situaci\u00f3n en la que nos encontramos<\/span><\/p>\n<p>Los elementos de esta \u201ccrisis del tr\u00e1nsito\u201d ya exist\u00edan hace m\u00e1s de 40 a\u00f1os durante los cuales se acumularon todo tipo de decisiones las cuales consiguieron conformar un sistema con caracter\u00edsticas de nudo gordiano en el que las autoridades \u201ccompetentes\u201d solo ven una fuente de ingresos adicionales.<\/p>\n<p>Sin embargo, debemos decir que dichos ingresos provienen de un grupo de ciudadanos, cada vez m\u00e1s reducido, que contin\u00faa pagando sus tributos y multas de tr\u00e1nsito.&nbsp; Estos son los t\u00e9rminos reales a los cuales se ha reducido al \u201ccontrol del tr\u00e1nsito\u201d.<\/p>\n<p>Todos los \u201cotros objetivos\u201d como horas\/hombre perdidas, da\u00f1os y vidas no tienen mayor consideraci\u00f3n.&nbsp; Y, menos a\u00fan, el corregir la impunidad impulsada y generalizada por el mal ejemplo de quienes teniendo una fuerte posici\u00f3n econ\u00f3mica impiden o difieren los egresos mediante \u201crecursos legales\u201d; o, por lo poco rentable que resulta la cobranza para los dem\u00e1s quienes, por no alcanzarles el brazo de la Ley oportunamente, no tienen \u00e1nimo alguno para corregir sus perniciosas conductas.<\/p>\n<p><span style=\"text-decoration: underline;\">Primera recomendaci\u00f3n<\/span><\/p>\n<p>Cambiar la visi\u00f3n de lo que debe ser el sistema de control de tr\u00e1nsito dejando de pensar en dudosos ingresos, reorientando los pagos de la multas a favor del Gobierno Central.&nbsp; Una nueva visi\u00f3n con objetivos m\u00e1s amplios debe ser la \u00fanica para todas las autoridades.<\/p>\n<p><span style=\"text-decoration: underline;\">Causales y V\u00edas pertinentes<\/span><\/p>\n<p>Frente a las autoridades, los ciudadanos no estamos en la misma posici\u00f3n de negociaci\u00f3n que las empresas, no s\u00f3lo por los mayores recursos econ\u00f3micos que \u00e9stas manejan, sino por los distintos equilibrios financieros derivados de los costos hundidos.&nbsp; Para las \u00faltimas, una gesti\u00f3n de impugnaci\u00f3n no representa lo mismo que para los primeros.<\/p>\n<p>Si s\u00f3lo estamos pensando en incrementar el monto de las multas o disminuir las garant\u00edas procesales para poner en orden a las personas jur\u00eddicas, estar\u00edamos generando un sistema poco sabio.&nbsp; Las personas jur\u00eddicas deber\u00edan tener procesos especiales por causales que solo ellas pueden generar en raz\u00f3n de su propia naturaleza.<\/p>\n<p><span style=\"text-decoration: underline;\">Segunda recomendaci\u00f3n<\/span><\/p>\n<p>La nueva visi\u00f3n debe poner especial \u00e9nfasis en salvaguardar el respeto a la persona, en especial en lo que se refiere a las garant\u00edas del debido proceso ya que las multas fantasmas existen.&nbsp; Tambi\u00e9n debemos decir que las notificaciones no llegan; o, solo lo hacen eventualmente cuando del grupo objetivo se trata.<\/p>\n<p><span style=\"text-decoration: underline;\">Orden Jur\u00eddico actual<\/span><\/p>\n<p>No es cre\u00edble que no existan causales y procedimientos que se les pueda imponer a las empresas que han alcanzado un comportamiento tan irresponsable.&nbsp; Estoy seguro que las leyes existen y que solo faltan ganas para aplicarlas.<\/p>\n<p>Esta crisis del tr\u00e1nsito local e interprovincial, realmente representa una extraordinaria oportunidad para generar institucionalidad en el Poder Judicial, Ministerio P\u00fablico y, porque no, en el Gobierno Central.&nbsp; A grandes males, grandes remedios.<\/p>\n<p><span style=\"text-decoration: underline;\">Tercera recomendaci\u00f3n<\/span><\/p>\n<p>Los funcionarios con las mayores responsabilidades deber\u00edan ordenar se inicien acciones penalizadoras en el tema que estamos analizando lo m\u00e1s pronto posible y con una visi\u00f3n del siglo XXI porque los vac\u00edos legales no existen, desde el Derecho Romano en que los Pretores juzgaban a los no romanos.<\/p>\n<p><span style=\"text-decoration: underline;\">Comentarios adicionales<\/span><\/p>\n<p>Para ilustrar el asunto de la visi\u00f3n del siglo XXI, quisiera informarles que el d\u00eda lunes escuch\u00e9 una entrevista que una locutora de Radio Nacional le hac\u00eda a un funcionario p\u00fablico referente al tema de la homonimia y los problemas que est\u00e1 causando a los ciudadanos.<\/p>\n<p>La soluci\u00f3n a la que llegaban estas dos personas era que cada ciudadano deb\u00eda estar atento a la posibilidad de que un delincuente requisitoriado tuviera su mismo nombre.<\/p>\n<p>La recomendaci\u00f3n era que cada ciudadano que se encuentre en dicha situaci\u00f3n recurra al Poder Judicial y recabe un documento que lo salvaguarde para que otras autoridades no le hagan pasar un mal rato.<\/p>\n<p>Hay una potencial similitud en este tema con el del \u201ccontrol de tr\u00e1nsito\u201d y se encuentra en que hace 40 a\u00f1os, la cuesti\u00f3n del tr\u00e1nsito tambi\u00e9n era manejable y que ahora, sin darnos cuenta, llega a constituir un problema sumamente grave, con da\u00f1os comparables al de una guerra.<\/p>\n<p>Si alguien escucha a Radio Nacional considerando como \u201cnormal\u201d la responsabilidad de los ciudadanos de tener que demostrar su \u201cinocencia\u201d, sin que nadie intente corregir el mensaje, en 40 a\u00f1os estaremos en un enredo tal que las autoridades quitar\u00e1n el cuerpo y el ciudadano pagar\u00e1 un da\u00f1o surgido por la poca capacidad de gesti\u00f3n del Estado.<\/p>\n<p>La identidad es un derecho fundamental y con los avances de la tecnolog\u00eda, mucho puede hacer el Estado Peruano para ir poniendo orden a su accionar y no tener que sobre cargar a los ciudadanos en una muestra de incompetencia que bien debe ser resuelta por quienes deber\u00edan liderar las cruzadas por la institucionalidad.<\/p>\n<p>25\/02\/2018<\/p>\n<p>Por mayor respeto hacia los otros (continuaci\u00f3n)<\/p>\n<p>En nuestro pa\u00eds (Per\u00fa) se ha producido un lento deterioro de Valores y Principios debido a que las autoridades \u201ccompetentes\u201d se han puesto paulatinamente de costado, sin que aquellos con responsabilidad pol\u00edtica cumplan con ordenar la Gesti\u00f3n del Estado; qui\u00e9n sabe por qu\u00e9 motivos.<\/p>\n<p>Da la impresi\u00f3n que es el Ministerio P\u00fablico el que est\u00e1 incumpliendo en la forma m\u00e1s flagrante con sus obligaciones.<\/p>\n<p>En menos tiempo que un trimestre, se han producido dos (2) accidentes por desbarranco de sendos autobuses, en los que s\u00f3lo se est\u00e1 responsabilizando a los choferes; &nbsp;es decir, se est\u00e1 atacando el tema por el lado m\u00e1s d\u00e9bil.<\/p>\n<p>En el enlace que sigue a continuaci\u00f3n, aparece una fotograf\u00eda que r\u00e1pidamente lleva a preguntarse sobre qui\u00e9n fabric\u00f3 el autob\u00fas; y, c\u00f3mo los empresarios tomaron la decisi\u00f3n de ponerlo a trabajar.<\/p>\n<p>Se trata del mismo argumento que surge cuando se denuncia aquel accidente en el distrito de Ventanilla, con varias decenas de muertos, de un cami\u00f3n aparentemente modificado en el que el lucro desmedido parece ser la fuente de tanta desgracia.<\/p>\n<p>Con el cari\u00f1o de siempre,<\/p>\n<p><a href=\"https:\/\/elcomercio.pe\/peru\/arequipa-bus-tenia-permiso-circular-ruta-despisto-noticia-499181\">https:\/\/elcomercio.pe\/peru\/arequipa-bus-tenia-permiso-circular-ruta-despisto-noticia-499181<\/a><\/p>\n<p>28\/02\/2018<\/p>\n<p>Por mayor respeto hacia los otros (continuaci\u00f3n)<\/p>\n<p>En Reddeportiva.net hemos querido destacar que una de las razones para tantos&nbsp; accidentes en las pistas de nuestro pa\u00eds reside en modificaciones artesanales de los veh\u00edculos.<\/p>\n<p>Les presentamos enlace que ilustra la diversidad de modificaciones que de hecho se presentan en la realidad y que ponen en peligro a la poblaci\u00f3n.<\/p>\n<p>En ese sentido, perm\u00edtanme contarles un caso personal.&nbsp; Me encontraba conduciendo un autom\u00f3vil en un momento en que quer\u00eda ingresar a la carretera que conduce a Puquio.&nbsp; Detuve el veh\u00edculo porque a cierta distancia se aproximaba un \u00f3mnibus de gran tama\u00f1o en una carretera que en esa \u00e9poca no era muy ancha.&nbsp; Cuando el \u00f3mnibus estaba relativamente cerca, las ondulaciones de la carretera hicieron que las ruedas delanteras se levantaran del piso, perdi\u00e9ndose moment\u00e1neamente el control de la direcci\u00f3n.&nbsp; Evidentemente se trataba de una mala distribuci\u00f3n de la carga en un veh\u00edculo modificado donde el eje trasero qued\u00f3 muy adelantado.<\/p>\n<p>Lo grave de la situaci\u00f3n es que poco se ha hecho para crear conciencia del enorme peligro que generan estas modificaciones no autorizadas.<\/p>\n<p>Con el cari\u00f1o de siempre,<\/p>\n<p><a href=\"http:\/\/canaln.pe\/actualidad\/ate-hombre-fallecio-caerle-tolva-camioneta-n312231\">http:\/\/canaln.pe\/actualidad\/ate-hombre-fallecio-caerle-tolva-camioneta-n312231<\/a>&nbsp;<\/p>\n","protected":false},"excerpt":{"rendered":"<p>Hemos considerado conveniente presentar en un solo lugar todas las notas o art\u00edculos que hemos publicado sobre el tema. A continuaci\u00f3n los encontrar\u00e1n precedidos de la fecha de publicaci\u00f3n original. Esperamos que esta campa\u00f1a ayude a abordar mejor el tema y consiga apoyar a quienes quieren obtener resultados. 10\/01\/2019 Trujillo: liberan a conductor que arroll\u00f3 [&hellip;]<\/p>\n","protected":false},"author":1,"featured_media":0,"parent":930,"menu_order":0,"comment_status":"closed","ping_status":"closed","template":"","meta":{"_exactmetrics_skip_tracking":false,"_exactmetrics_sitenote_active":false,"_exactmetrics_sitenote_note":"","_exactmetrics_sitenote_category":0,"ngg_post_thumbnail":0,"footnotes":""},"categories":[36],"class_list":["post-2978","page","type-page","status-publish","hentry","category-reddeportiva-net"],"_links":{"self":[{"href":"https:\/\/reddeportiva.net\/principal\/index.php?rest_route=\/wp\/v2\/pages\/2978","targetHints":{"allow":["GET"]}}],"collection":[{"href":"https:\/\/reddeportiva.net\/principal\/index.php?rest_route=\/wp\/v2\/pages"}],"about":[{"href":"https:\/\/reddeportiva.net\/principal\/index.php?rest_route=\/wp\/v2\/types\/page"}],"author":[{"embeddable":true,"href":"https:\/\/reddeportiva.net\/principal\/index.php?rest_route=\/wp\/v2\/users\/1"}],"replies":[{"embeddable":true,"href":"https:\/\/reddeportiva.net\/principal\/index.php?rest_route=%2Fwp%2Fv2%2Fcomments&post=2978"}],"version-history":[{"count":15,"href":"https:\/\/reddeportiva.net\/principal\/index.php?rest_route=\/wp\/v2\/pages\/2978\/revisions"}],"predecessor-version":[{"id":108152,"href":"https:\/\/reddeportiva.net\/principal\/index.php?rest_route=\/wp\/v2\/pages\/2978\/revisions\/108152"}],"up":[{"embeddable":true,"href":"https:\/\/reddeportiva.net\/principal\/index.php?rest_route=\/wp\/v2\/pages\/930"}],"wp:attachment":[{"href":"https:\/\/reddeportiva.net\/principal\/index.php?rest_route=%2Fwp%2Fv2%2Fmedia&parent=2978"}],"wp:term":[{"taxonomy":"category","embeddable":true,"href":"https:\/\/reddeportiva.net\/principal\/index.php?rest_route=%2Fwp%2Fv2%2Fcategories&post=2978"}],"curies":[{"name":"wp","href":"https:\/\/api.w.org\/{rel}","templated":true}]}}